{"id":5,"date":"2018-10-23T22:52:28","date_gmt":"2018-10-23T22:52:28","guid":{"rendered":"https:\/\/davidstrauss.site\/home\/"},"modified":"2026-04-29T15:44:28","modified_gmt":"2026-04-29T15:44:28","slug":"david-strauss","status":"publish","type":"page","link":"https:\/\/davidstrauss.site\/","title":{"rendered":"David Strauss"},"content":{"rendered":"<p> Hier geht es direkt zu den neusten figurative Bildern aus 2024 und 2025.<a href=\"https:\/\/davidstrauss.site\/?page_id=2916\"><strong> Menschliche Emotionen (2024-25)<\/strong><\/a> und \r\n\r\n<a href=\"https:\/\/davidstrauss.site\/?page_id=3052\"><strong>Eine Welt in Gefahr (2024-25) <\/strong><\/a>\r\n\r\n\r\n<div class=\"wp-block-columns is-layout-flex wp-container-core-columns-is-layout-9baa9b4c wp-block-columns-is-layout-flex\">\r\n<div class=\"wp-block-column\">\r\n<a href=\"https:\/\/davidstrauss.site\/?page_id=2916\"><img decoding=\"async\" src=\"http:\/\/davidstrauss.site\/wp-content\/uploads\/2026\/03\/DSC_6232-1024x620.jpg\" alt=\"\" width=\"480\" height=\"291\" class=\"aligncenter size-large wp-image-3073\" srcset=\"https:\/\/davidstrauss.site\/wp-content\/uploads\/2026\/03\/DSC_6232-1024x620.jpg 1024w, https:\/\/davidstrauss.site\/wp-content\/uploads\/2026\/03\/DSC_6232-300x182.jpg 300w, https:\/\/davidstrauss.site\/wp-content\/uploads\/2026\/03\/DSC_6232-768x465.jpg 768w, https:\/\/davidstrauss.site\/wp-content\/uploads\/2026\/03\/DSC_6232-1536x931.jpg 1536w, https:\/\/davidstrauss.site\/wp-content\/uploads\/2026\/03\/DSC_6232-2048x1241.jpg 2048w\" sizes=\"(max-width: 480px) 100vw, 480px\" \/>\r\n<\/a><\/div>\r\n<div class=\"wp-block-column\">\r\n<a href=\"https:\/\/davidstrauss.site\/?page_id=3052\"><img decoding=\"async\" src=\"http:\/\/davidstrauss.site\/wp-content\/uploads\/2026\/03\/DSC_6308-1024x803.jpg\" alt=\"\" width=\"480\" height=\"376\" class=\"aligncenter size-large wp-image-3074\" srcset=\"https:\/\/davidstrauss.site\/wp-content\/uploads\/2026\/03\/DSC_6308-1024x803.jpg 1024w, https:\/\/davidstrauss.site\/wp-content\/uploads\/2026\/03\/DSC_6308-300x235.jpg 300w, https:\/\/davidstrauss.site\/wp-content\/uploads\/2026\/03\/DSC_6308-768x602.jpg 768w, https:\/\/davidstrauss.site\/wp-content\/uploads\/2026\/03\/DSC_6308-1536x1205.jpg 1536w, https:\/\/davidstrauss.site\/wp-content\/uploads\/2026\/03\/DSC_6308-2048x1607.jpg 2048w\" sizes=\"(max-width: 480px) 100vw, 480px\" \/><\/a><\/div>\r\n<\/div>\r\n<\/p>\r\n\r\n<p style=\"text-align: center;\"> Updates zu aktuellen Bildern gibt es ab und an hier:<\/p>\r\n<p style=\"text-align: center;\"><a href=\"https:\/\/www.instagram.com\/onelifeforlife\/\">https:\/\/www.instagram.com\/onelifeforlife\/<\/a>\r\n<\/p>\r\n\r\n<p>Ich bin Leben. Mein Leben besteht darin, anderen einen nachhaltigeren Weg zu zeigen &#8211; und versuchen zu retten, was von der Vielfalt des Lebens, des Seins \u00fcbrig ist. Deshalb arbeite ich als unabh\u00e4ngiger \u00d6konom, Philosoph und K\u00fcnstler. Mein eigenes Leben, das von Dr. David Strauss, ist mir nicht besonders wichtig. Nicht im Vergleich zum SEIN und LEBEN und den wirklich unschuldigen &#8211; den zuk\u00fcnftigen Generationen von Kindern und nicht-menschlichem Leben. Sie verdienen nicht die Ausl\u00f6schung durch unseren aktuellen Lebensstil &#8211; oder die Geburt in eine Welt, die nicht mehr lebenswert ist.<\/p>\r\n<p>Daf\u00fcr male ich, daf\u00fcr m\u00f6chte ich den Menschen zeigen. Wir sind alle nur Leben. Jeder von uns ein Blatt von einem Ast (&#8220;dem menschlichen&#8221;) am Baum des Lebens. Wir sollten andere Bl\u00e4tter oder \u00c4ste (Arten) nicht als minderwertig oder blo\u00dfe Ressource betrachten. Und doch &#8211; bewusst oder unbewusst &#8211; tr\u00e4gt (fast) jeder von uns aktiv (konsumierend) zur Zerst\u00f6rung bei.<\/p>\r\n<p>Daf\u00fcr nutze ich meine philosophische und \u00f6konomische Ausbildung &#8211; schreibe Pr\u00e4sentationen, Artikel und B\u00fccher. Um zu zeigen, dass es einen anderen Weg gibt. Um zu zeigen, wie jeder von uns (unbewusst) daf\u00fcr verantwortlich ist. Um zu zeigen, dass unser aktuelles System kaum in der Lage ist, die Unschuldigen vor dem Verderben zu retten.<\/p>\r\n<p>Deshalb mache ich Fotos. Um den Menschen zu zeigen, dass andere Leben lebenswert sind und auch andere Arten respektiert werden sollten. Nicht um jemanden dazu zu bringen, einen weiteren Flug auf seine Bucket List zu setzen.<\/p>\r\n<p>Und ich versuche, konsequent zu sein. Vermeide jeden Konsum, wenn m\u00f6glich &#8211; auch wenn es mich oft schmerzt. Ich tue es nicht f\u00fcr mich selbst &#8211; ich versuche, meinen Lehren mit Taten zu folgen und die Natur zu retten.<\/p>\r\n<p>Ich m\u00f6chte nicht reich werden &#8211; mehr als ein paar hundert Euro im Monat zu konsumieren ist in diesen Tagen sowieso nicht nachhaltig. Ich m\u00f6chte nur die M\u00f6glichkeit haben, all meine F\u00e4higkeiten und Intellekt einem Thema zu widmen, das mir wirklich am Herzen liegt. Wir sind alle nichts als Leben&#8230;<\/p>\r\n\r\n\r\n<p>&nbsp;<\/p>\r\n\r\n\r\n\r\n<p class=\"wp-block-paragraph\" style=\"text-align: center;\">Hier geht es zu meiner <a href=\"https:\/\/davidstrauss.site\/?page_id=164\">Malerei<\/a>.<\/p>\r\n\r\n <a class=\"ngg-gallery-thumbnail\" title=\" \" href=\"https:\/\/davidstrauss.site\/?page_id=164\" \r\n<img decoding=\"async\" src=\"http:\/\/davidstrauss.site\/wp-content\/uploads\/2026\/03\/DSC_6172-1024x634.jpg\" alt=\"\" width=\"640\" height=\"396\" class=\"aligncenter size-large wp-image-3083\" srcset=\"https:\/\/davidstrauss.site\/wp-content\/uploads\/2026\/03\/DSC_6172-1024x634.jpg 1024w, https:\/\/davidstrauss.site\/wp-content\/uploads\/2026\/03\/DSC_6172-300x186.jpg 300w, https:\/\/davidstrauss.site\/wp-content\/uploads\/2026\/03\/DSC_6172-768x475.jpg 768w, https:\/\/davidstrauss.site\/wp-content\/uploads\/2026\/03\/DSC_6172-1536x951.jpg 1536w, https:\/\/davidstrauss.site\/wp-content\/uploads\/2026\/03\/DSC_6172.jpg 1931w\" sizes=\"(max-width: 640px) 100vw, 640px\" \/>\r\n\r\n<a href=\"https:\/\/davidstrauss.site\/?page_id=164\"><img decoding=\"async\" src=\"http:\/\/davidstrauss.site\/wp-content\/uploads\/2026\/03\/DSC_6172-1024x634.jpg\" alt=\"\" width=\"640\" height=\"396\" class=\"aligncenter size-large wp-image-3083\" srcset=\"https:\/\/davidstrauss.site\/wp-content\/uploads\/2026\/03\/DSC_6172-1024x634.jpg 1024w, https:\/\/davidstrauss.site\/wp-content\/uploads\/2026\/03\/DSC_6172-300x186.jpg 300w, https:\/\/davidstrauss.site\/wp-content\/uploads\/2026\/03\/DSC_6172-768x475.jpg 768w, https:\/\/davidstrauss.site\/wp-content\/uploads\/2026\/03\/DSC_6172-1536x951.jpg 1536w, https:\/\/davidstrauss.site\/wp-content\/uploads\/2026\/03\/DSC_6172.jpg 1931w\" sizes=\"(max-width: 640px) 100vw, 640px\" \/><\/a><\/div>\r\n\r\n\r\n<div class=\"wp-block-column\">\r\n\r\n<p class=\"wp-block-paragraph\" style=\"text-align: center;\">Hier geht es zum Thema <a href=\"https:\/\/davidstrauss.site\/?page_id=1889\">Umweltschutz.<\/a><\/p>\r\n\r\n <a class=\"ngg-simplelightbox\" title=\" \" href=\"https:\/\/davidstrauss.site\/?page_id=1889\" data-image-id=\"914\" data-src=\"https:\/\/davidstrauss.site\/wp-content\/gallery\/0-preambel-warum-umweltschutz-so-schwer-heute\/Folie1.JPG\" data-thumbnail=\"https:\/\/davidstrauss.site\/wp-content\/gallery\/0-preambel-warum-umweltschutz-so-schwer-heute\/thumbs\/thumbs_Folie1.JPG\" data-title=\"Folie1\" data-description=\" \"><img decoding=\"async\" class=\"ngg-singlepic ngg-center aligncenter\" src=\"https:\/\/davidstrauss.site\/wp-content\/gallery\/0-preambel-warum-umweltschutz-so-schwer-heute\/thumbs\/thumbs_Folie1.JPG\" alt=\"Folie1\" width=\"600\" height=\"338\"><\/a><\/div>\r\n\r\n\r\n<p>&nbsp;<\/p>\r\n\r\n<div class=\"wp-block-columns is-layout-flex wp-container-core-columns-is-layout-9baa9b4c wp-block-columns-is-layout-flex\">\r\n<div class=\"wp-block-column\">\r\n<p style=\"text-align: center;\">Hier geht es zu meiner <a href=\"https:\/\/davidstrauss.site\/?page_id=1943\">Photographie<\/a>.<\/p>\r\n<a class=\"ngg-simplelightbox\" title=\" \" href=\"https:\/\/davidstrauss.site\/?page_id=1943\" data-image-id=\"1281\" data-src=\"https:\/\/davidstrauss.site\/wp-content\/gallery\/photos-1\/DSC_4427.jpg\" data-thumbnail=\"https:\/\/davidstrauss.site\/wp-content\/gallery\/photos-1\/thumbs\/thumbs_DSC_4427.jpg\" data-title=\"DSC_4427\" data-description=\" \"><img decoding=\"async\" class=\"ngg-singlepic ngg-center aligncenter\" src=\"https:\/\/davidstrauss.site\/wp-content\/gallery\/photos-1\/thumbs\/thumbs_DSC_4427.jpg\" alt=\"DSC_4427\" width=\"600\" height=\"400\"><\/a><\/div>\r\n<div class=\"wp-block-column\">\r\n<p style=\"text-align: center;\">Hier geht es zum Thema <a href=\"https:\/\/davidstrauss.site\/?page_id=98\">Philosophie.<\/a><\/p>\r\n<a class=\"ngg-simplelightbox\" title=\" \" href=\"https:\/\/davidstrauss.site\/?page_id=98\" data-image-id=\"1309\" data-src=\"https:\/\/davidstrauss.site\/wp-content\/gallery\/photos-2\/DSC_4883.jpg\" data-thumbnail=\"https:\/\/davidstrauss.site\/wp-content\/gallery\/photos-2\/thumbs\/thumbs_DSC_4883.jpg\" data-title=\"DSC_4883\" data-description=\" \"><img decoding=\"async\" class=\"ngg-singlepic ngg-center aligncenter\" src=\"https:\/\/davidstrauss.site\/wp-content\/gallery\/photos-2\/thumbs\/thumbs_DSC_4883.jpg\" alt=\"DSC_4883\" width=\"400\" height=\"400\"><\/a><\/div>\r\n<\/div>\r\n<div>&nbsp;<\/div>\r\n\r\n<div>&nbsp;<\/div>\r\n<p style=\"text-align: center;\">Wenn Du Interesse an meinem Leben als Nomade hast &#8211; und der Fotografie der Natur, des Verstehens ihrer als uns gleichgestellt, kannst Du dieser Instagramseite folgen:<\/p>\r\n<div><a href=\"https:\/\/www.instagram.com\/natural.life.matters\/\">https:\/\/www.instagram.com\/natural.life.matters\/<\/a><\/div>\r\n<p style=\"text-align: center;\">Wenn Du meiner Malerei folgen moechtest, so rate ich Dir diese Seite:<\/p>\r\n<div><a href=\"https:\/\/www.instagram.com\/onelifeforlife\/\">https:\/\/www.instagram.com\/onelifeforlife\/<\/a><\/div>\r\n<p style=\"text-align: center;\">Und falls Du mehr ueber die Umweltproblematik verstehen moechtest, ihre Urspruenge, Loesungen, und all die Luegen welche verbreitet werden, so findest Du dazu Informationen hier:<\/p>\r\n<div><a href=\"https:\/\/www.instagram.com\/the.alternative.way\/\">https:\/\/www.instagram.com\/the.alternative.way\/<\/a><\/div>\r\n\r\n<div>Abschlie\u00dfend noch ein link zu meiner fr\u00fcheren Homepage als Universit\u00e4tsprofessor Dr. David Strauss.<\/div>\r\n<div><a href=\"https:\/\/sites.google.com\/site\/davidjpstrauss\/\">https:\/\/sites.google.com\/site\/davidjpstrauss\/<\/a><\/div>\r\n<div>&nbsp;<\/div>\r\n<div>Meine Bilder und Werke sind entweder direkt \u00fcber mich zu erhalten, oder ein paar alte Bilder via eine der folgenden Webseiten:&nbsp;<\/div>\r\n<div><a href=\"https:\/\/fineartamerica.com\/profiles\/2-david-strauss\">https:\/\/fineartamerica.com\/profiles\/2-david-strauss<\/a><\/div>\r\n<div><a href=\"https:\/\/www.artpal.com\/davidstrauss\/\">https:\/\/www.artpal.com\/davidstrauss\/<\/a><\/div>\r\n\r\n<!-- \/wp:post-content -->\r\n\r\n<!-- wp:navigation {\"ref\":3117} \/-->\r\n\r\n<!-- wp:group {\"metadata\":{\"name\":\"Header\"},\"align\":\"full\",\"className\":\"nfd-wb-header__header-4 is-style-nfd-theme-darker\",\"layout\":{\"type\":\"default\"},\"nfdGroupTheme\":\"\"} -->\r\n<div class=\"nfd-wb-header__header-4 is-style-nfd-theme-darker wp-block-group alignfull\"><\/div>\r\n<!-- \/wp:group -->","protected":false},"excerpt":{"rendered":"<p>Hier geht es direkt zu den neusten figurative Bildern aus 2024 und 2025. Menschliche Emotionen (2024-25) und Eine Welt in Gefahr (2024-25) Updates zu aktuellen Bildern gibt es ab und an hier: https:\/\/www.instagram.com\/onelifeforlife\/ Ich bin Leben. Mein Leben besteht darin, anderen einen nachhaltigeren Weg zu zeigen &#8211; und versuchen zu retten, was von der Vielfalt [&hellip;]<\/p>\n","protected":false},"author":1,"featured_media":0,"parent":0,"menu_order":0,"comment_status":"closed","ping_status":"closed","template":"","meta":{"nf_dc_page":"","_crdt_document":"","_monsterinsights_skip_tracking":false,"_monsterinsights_sitenote_active":false,"_monsterinsights_sitenote_note":"","_monsterinsights_sitenote_category":0,"ngg_post_thumbnail":0,"footnotes":""},"class_list":["post-5","page","type-page","status-publish","hentry"],"yoast_head":"<!-- This site is optimized with the Yoast SEO plugin v27.5 - https:\/\/yoast.com\/product\/yoast-seo-wordpress\/ -->\n<title>David Strauss - Philosoph, K\u00fcnstler und Umwelt\u00f6konom<\/title>\n<meta name=\"description\" content=\"Der Philosoph, K\u00fcnstler und Umwelt\u00f6konom David Strauss stellt Werke, Informationen zum Umweltproblem, und einen nachhaltigen Weg vor.\" \/>\n<meta name=\"robots\" content=\"index, follow, max-snippet:-1, max-image-preview:large, max-video-preview:-1\" \/>\n<link rel=\"canonical\" href=\"https:\/\/davidstrauss.site\/\" \/>\n<meta property=\"og:locale\" content=\"en_US\" \/>\n<meta property=\"og:type\" content=\"article\" \/>\n<meta property=\"og:title\" content=\"David Strauss - Philosoph, K\u00fcnstler und Umwelt\u00f6konom\" \/>\n<meta property=\"og:description\" content=\"Der Philosoph, K\u00fcnstler und Umwelt\u00f6konom David Strauss stellt Werke, Informationen zum Umweltproblem, und einen nachhaltigen Weg vor.\" \/>\n<meta property=\"og:url\" content=\"https:\/\/davidstrauss.site\/\" \/>\n<meta property=\"og:site_name\" content=\"David Strauss\" \/>\n<meta property=\"article:modified_time\" content=\"2026-04-29T15:44:28+00:00\" \/>\n<meta property=\"og:image\" content=\"http:\/\/davidstrauss.site\/wp-content\/uploads\/2026\/03\/DSC_6232-1024x620.jpg\" \/>\n<meta name=\"twitter:card\" content=\"summary_large_image\" \/>\n<meta name=\"twitter:label1\" content=\"Est. reading time\" \/>\n\t<meta name=\"twitter:data1\" content=\"4 minutes\" \/>\n<script type=\"application\/ld+json\" class=\"yoast-schema-graph\">{\"@context\":\"https:\\\/\\\/schema.org\",\"@graph\":[{\"@type\":\"WebPage\",\"@id\":\"https:\\\/\\\/davidstrauss.site\\\/\",\"url\":\"https:\\\/\\\/davidstrauss.site\\\/\",\"name\":\"David Strauss - Philosoph, K\u00fcnstler und Umwelt\u00f6konom\",\"isPartOf\":{\"@id\":\"https:\\\/\\\/davidstrauss.site\\\/#website\"},\"primaryImageOfPage\":{\"@id\":\"https:\\\/\\\/davidstrauss.site\\\/#primaryimage\"},\"image\":{\"@id\":\"https:\\\/\\\/davidstrauss.site\\\/#primaryimage\"},\"thumbnailUrl\":\"http:\\\/\\\/davidstrauss.site\\\/wp-content\\\/uploads\\\/2026\\\/03\\\/DSC_6232-1024x620.jpg\",\"datePublished\":\"2018-10-23T22:52:28+00:00\",\"dateModified\":\"2026-04-29T15:44:28+00:00\",\"description\":\"Der Philosoph, K\u00fcnstler und Umwelt\u00f6konom David Strauss stellt Werke, Informationen zum Umweltproblem, und einen nachhaltigen Weg vor.\",\"breadcrumb\":{\"@id\":\"https:\\\/\\\/davidstrauss.site\\\/#breadcrumb\"},\"inLanguage\":\"en-US\",\"potentialAction\":[{\"@type\":\"ReadAction\",\"target\":[\"https:\\\/\\\/davidstrauss.site\\\/\"]}]},{\"@type\":\"ImageObject\",\"inLanguage\":\"en-US\",\"@id\":\"https:\\\/\\\/davidstrauss.site\\\/#primaryimage\",\"url\":\"https:\\\/\\\/davidstrauss.site\\\/wp-content\\\/uploads\\\/2026\\\/03\\\/DSC_6232.jpg\",\"contentUrl\":\"https:\\\/\\\/davidstrauss.site\\\/wp-content\\\/uploads\\\/2026\\\/03\\\/DSC_6232.jpg\",\"width\":2446,\"height\":1482},{\"@type\":\"BreadcrumbList\",\"@id\":\"https:\\\/\\\/davidstrauss.site\\\/#breadcrumb\",\"itemListElement\":[{\"@type\":\"ListItem\",\"position\":1,\"name\":\"Home\",\"item\":\"https:\\\/\\\/davidstrauss.site\\\/\"},{\"@type\":\"ListItem\",\"position\":2,\"name\":\"David Strauss\"}]},{\"@type\":\"WebSite\",\"@id\":\"https:\\\/\\\/davidstrauss.site\\\/#website\",\"url\":\"https:\\\/\\\/davidstrauss.site\\\/\",\"name\":\"David Strauss\",\"description\":\"Painting for life\",\"potentialAction\":[{\"@type\":\"SearchAction\",\"target\":{\"@type\":\"EntryPoint\",\"urlTemplate\":\"https:\\\/\\\/davidstrauss.site\\\/?s={search_term_string}\"},\"query-input\":{\"@type\":\"PropertyValueSpecification\",\"valueRequired\":true,\"valueName\":\"search_term_string\"}}],\"inLanguage\":\"en-US\"}]}<\/script>\n<!-- \/ Yoast SEO plugin. -->","yoast_head_json":{"title":"David Strauss - Philosoph, K\u00fcnstler und Umwelt\u00f6konom","description":"Der Philosoph, K\u00fcnstler und Umwelt\u00f6konom David Strauss stellt Werke, Informationen zum Umweltproblem, und einen nachhaltigen Weg vor.","robots":{"index":"index","follow":"follow","max-snippet":"max-snippet:-1","max-image-preview":"max-image-preview:large","max-video-preview":"max-video-preview:-1"},"canonical":"https:\/\/davidstrauss.site\/","og_locale":"en_US","og_type":"article","og_title":"David Strauss - Philosoph, K\u00fcnstler und Umwelt\u00f6konom","og_description":"Der Philosoph, K\u00fcnstler und Umwelt\u00f6konom David Strauss stellt Werke, Informationen zum Umweltproblem, und einen nachhaltigen Weg vor.","og_url":"https:\/\/davidstrauss.site\/","og_site_name":"David Strauss","article_modified_time":"2026-04-29T15:44:28+00:00","og_image":[{"url":"http:\/\/davidstrauss.site\/wp-content\/uploads\/2026\/03\/DSC_6232-1024x620.jpg","type":"","width":"","height":""}],"twitter_card":"summary_large_image","twitter_misc":{"Est. reading time":"4 minutes"},"schema":{"@context":"https:\/\/schema.org","@graph":[{"@type":"WebPage","@id":"https:\/\/davidstrauss.site\/","url":"https:\/\/davidstrauss.site\/","name":"David Strauss - Philosoph, K\u00fcnstler und Umwelt\u00f6konom","isPartOf":{"@id":"https:\/\/davidstrauss.site\/#website"},"primaryImageOfPage":{"@id":"https:\/\/davidstrauss.site\/#primaryimage"},"image":{"@id":"https:\/\/davidstrauss.site\/#primaryimage"},"thumbnailUrl":"http:\/\/davidstrauss.site\/wp-content\/uploads\/2026\/03\/DSC_6232-1024x620.jpg","datePublished":"2018-10-23T22:52:28+00:00","dateModified":"2026-04-29T15:44:28+00:00","description":"Der Philosoph, K\u00fcnstler und Umwelt\u00f6konom David Strauss stellt Werke, Informationen zum Umweltproblem, und einen nachhaltigen Weg vor.","breadcrumb":{"@id":"https:\/\/davidstrauss.site\/#breadcrumb"},"inLanguage":"en-US","potentialAction":[{"@type":"ReadAction","target":["https:\/\/davidstrauss.site\/"]}]},{"@type":"ImageObject","inLanguage":"en-US","@id":"https:\/\/davidstrauss.site\/#primaryimage","url":"https:\/\/davidstrauss.site\/wp-content\/uploads\/2026\/03\/DSC_6232.jpg","contentUrl":"https:\/\/davidstrauss.site\/wp-content\/uploads\/2026\/03\/DSC_6232.jpg","width":2446,"height":1482},{"@type":"BreadcrumbList","@id":"https:\/\/davidstrauss.site\/#breadcrumb","itemListElement":[{"@type":"ListItem","position":1,"name":"Home","item":"https:\/\/davidstrauss.site\/"},{"@type":"ListItem","position":2,"name":"David Strauss"}]},{"@type":"WebSite","@id":"https:\/\/davidstrauss.site\/#website","url":"https:\/\/davidstrauss.site\/","name":"David Strauss","description":"Painting for life","potentialAction":[{"@type":"SearchAction","target":{"@type":"EntryPoint","urlTemplate":"https:\/\/davidstrauss.site\/?s={search_term_string}"},"query-input":{"@type":"PropertyValueSpecification","valueRequired":true,"valueName":"search_term_string"}}],"inLanguage":"en-US"}]}},"_links":{"self":[{"href":"https:\/\/davidstrauss.site\/index.php?rest_route=\/wp\/v2\/pages\/5","targetHints":{"allow":["GET"]}}],"collection":[{"href":"https:\/\/davidstrauss.site\/index.php?rest_route=\/wp\/v2\/pages"}],"about":[{"href":"https:\/\/davidstrauss.site\/index.php?rest_route=\/wp\/v2\/types\/page"}],"author":[{"embeddable":true,"href":"https:\/\/davidstrauss.site\/index.php?rest_route=\/wp\/v2\/users\/1"}],"replies":[{"embeddable":true,"href":"https:\/\/davidstrauss.site\/index.php?rest_route=%2Fwp%2Fv2%2Fcomments&post=5"}],"version-history":[{"count":5,"href":"https:\/\/davidstrauss.site\/index.php?rest_route=\/wp\/v2\/pages\/5\/revisions"}],"predecessor-version":[{"id":3133,"href":"https:\/\/davidstrauss.site\/index.php?rest_route=\/wp\/v2\/pages\/5\/revisions\/3133"}],"wp:attachment":[{"href":"https:\/\/davidstrauss.site\/index.php?rest_route=%2Fwp%2Fv2%2Fmedia&parent=5"}],"curies":[{"name":"wp","href":"https:\/\/api.w.org\/{rel}","templated":true}]}}